{"id":27289,"date":"2023-02-02T15:53:04","date_gmt":"2023-02-02T14:53:04","guid":{"rendered":"https:\/\/tmesa.com\/?page_id=27289"},"modified":"2023-05-05T11:51:53","modified_gmt":"2023-05-05T09:51:53","slug":"tmobilitat-terrassa","status":"publish","type":"page","link":"https:\/\/tmesa.com\/es\/a\/tmobilitat-terrassa\/","title":{"rendered":"T-mobilitat"},"content":{"rendered":"<div class=\"wpb-content-wrapper\"><p>[vc_row css_animation=\u00bb\u00bb row_type=\u00bbrow\u00bb use_row_as_full_screen_section=\u00bbno\u00bb type=\u00bbgrid\u00bb angled_section=\u00bbno\u00bb text_align=\u00bbleft\u00bb background_image_as_pattern=\u00bbwithout_pattern\u00bb z_index=\u00bb\u00bb el_id=\u00bbbreadcrumbs\u00bb][vc_column][vc_widget_sidebar sidebar_id=\u00bbBreadcrumbs\u00bb el_class=\u00bbmybreadcrumbs\u00bb][\/vc_column][\/vc_row][vc_row css_animation=\u00bb\u00bb row_type=\u00bbrow\u00bb use_row_as_full_screen_section=\u00bbno\u00bb type=\u00bbgrid\u00bb angled_section=\u00bbno\u00bb text_align=\u00bbleft\u00bb background_image_as_pattern=\u00bbwithout_pattern\u00bb z_index=\u00bb\u00bb el_id=\u00bbpagetitle\u00bb][vc_column][vc_column_text el_class=\u00bbpagetit1&#8243;]<\/p>\n<h1><a title=\"T-mobilitat a Terrassa\" href=\"https:\/\/tmesa.com\/es\/a\/tmobilitat-terrassa\/\">T-mobilitat<\/a><\/h1>\n<p>[\/vc_column_text][vc_separator type=\u00bbnormal\u00bb el_class=\u00bbpagelineleft1&#8243; color=\u00bb#5f2167&#8243; thickness=\u00bb4&#8243; up=\u00bb25&#8243; down=\u00bb25&#8243;][\/vc_column][\/vc_row][vc_row css_animation=\u00bb\u00bb row_type=\u00bbrow\u00bb use_row_as_full_screen_section=\u00bbno\u00bb type=\u00bbgrid\u00bb angled_section=\u00bbno\u00bb text_align=\u00bbleft\u00bb background_image_as_pattern=\u00bbwithout_pattern\u00bb z_index=\u00bb\u00bb el_class=\u00bbreglapagewhite1 quisom1&#8243; css=\u00bb.vc_custom_1575992147470{margin-top: 20px !important;}\u00bb][vc_column width=\u00bb1\/2&#8243;][vc_row_inner row_type=\u00bbrow\u00bb type=\u00bbfull_width\u00bb text_align=\u00bbleft\u00bb css_animation=\u00bb\u00bb css=\u00bb.vc_custom_1669907871208{margin-top: 0px !important;margin-right: 0px !important;margin-bottom: 0px !important;margin-left: 0px !important;padding-top: 35px !important;padding-right: 30px !important;padding-bottom: 0px !important;padding-left: 30px !important;}\u00bb el_class=\u00bbcitarowbuts1row\u00bb][vc_column_inner css=\u00bb.vc_custom_1574178049773{padding-right: 0px !important;padding-left: 0px !important;}\u00bb][vc_column_text el_class=\u00bbpagesubtit2&#8243; css=\u00bb.vc_custom_1675349630821{margin-top: 0px !important;}\u00bb]<\/p>\n<h4>\u00bfQu\u00e9 es la T-mobilidat?<\/h4>\n<p>[\/vc_column_text][vc_column_text el_class=\u00bbtmobitxt1&#8243;]Es el nuevo sistema del transporte p\u00fablico del \u00e1rea de Barcelona, permite viajar con tecnolog\u00eda sin contacto, con una <strong>tarjeta recargable<\/strong> o con <strong>el tel\u00e9fono m\u00f3vil<\/strong>, y ofrece mejores de uso, atenci\u00f3n e informaci\u00f3n.<\/p>\n<p>Para obtener la T-mobilitat lo primero que tendr\u00e1s que hacer es darte de alta al sistema.<\/p>\n<p>Despu\u00e9s, podr\u00e1s escoger entre dos soportes diferentes: la tarjeta T-mobilitat o la aplicaci\u00f3n m\u00f3vil para Android (con tecnolog\u00eda NFC), para cargar tu t\u00edtulo de transporte.<\/p>\n<p>M\u00e1s informaci\u00f3n en:\u00a0<strong><a href=\"https:\/\/t-mobilitat.atm.cat\/\" target=\"_blank\" rel=\"noopener\">t-mobilitat.atm.cat<\/a><\/strong>[\/vc_column_text][vc_empty_space height=\u00bb32&#8243;][vc_column_text el_class=\u00bbpagesubtit2&#8243; css=\u00bb.vc_custom_1675349696723{margin-top: 0px !important;}\u00bb]<\/p>\n<h4>\u00bfC\u00f3mo puedo tramitar la T-mobilitat?<\/h4>\n<p>[\/vc_column_text][\/vc_column_inner][\/vc_row_inner][vc_row_inner row_type=\u00bbrow\u00bb type=\u00bbfull_width\u00bb text_align=\u00bbleft\u00bb css_animation=\u00bb\u00bb css=\u00bb.vc_custom_1669973089116{margin-top: 0px !important;margin-right: 0px !important;margin-bottom: 20px !important;margin-left: 0px !important;padding-top: 10px !important;padding-right: 30px !important;padding-bottom: 35px !important;padding-left: 30px !important;}\u00bb el_class=\u00bbcitarowbuts1&#8243;][vc_column_inner el_class=\u00bbcitarowbuts1col\u00bb width=\u00bb1\/2&#8243;]<a  itemprop=\"url\" href=\"https:\/\/t-mobilitat.atm.cat\/web\/t-mobilitat\/registrat\" target=\"_blank\" data-hover-background-color=\"#54585a\" data-hover-color=\"#ffffff\" class=\"qbutton  big_large_full_width right default\" style=\"color: #ffffff; border-radius: 0px;-moz-border-radius: 0px;-webkit-border-radius: 0px; background-color:#f40816;\">WEB<i class=\"qode_icon_font_awesome fa fa-train qode_button_icon_element\" style=\"color: #ffffff\"><\/i><\/a>[vc_column_text]<\/p>\n<p style=\"text-align: center;\">Puedes hacerlo directamente a trav\u00e9s de la web <strong><br \/>\n<a href=\"https:\/\/t-mobilitat.atm.cat\/web\/t-mobilitat\/registrat\" target=\"_blank\" rel=\"noopener\">t-mobilitat.atm.cat<\/a><\/strong><\/p>\n<p>[\/vc_column_text][\/vc_column_inner][vc_column_inner el_class=\u00bbcitarowbuts1col\u00bb width=\u00bb1\/2&#8243;]<a  itemprop=\"url\" href=\"https:\/\/tmesa.com\/es\/a\/tmobilitat-cita-previa-terrassa\/\" target=\"_self\" data-hover-background-color=\"#54585a\" data-hover-color=\"#ffffff\" class=\"qbutton  big_large_full_width right default\" style=\"color: #ffffff; border-radius: 0px;-moz-border-radius: 0px;-webkit-border-radius: 0px; background-color:#f40816;\">Cita pr\u00e8via<i class=\"qode_icon_font_awesome fa fa-calendar-check-o qode_button_icon_element\" style=\"color: #ffffff\"><\/i><\/a>[vc_column_text]<\/p>\n<p style=\"text-align: center;\">Presencialmente en la Oficina de Movilidad de TMESA solicitando<br \/>\n<a href=\"https:\/\/tmesa.com\/es\/a\/tmobilitat-cita-previa-terrassa\/\"><strong>cita previa<\/strong><\/a>.<\/p>\n<p>[\/vc_column_text][\/vc_column_inner][\/vc_row_inner][\/vc_column][vc_column width=\u00bb1\/2&#8243;][vc_row_inner row_type=\u00bbrow\u00bb type=\u00bbfull_width\u00bb text_align=\u00bbleft\u00bb css_animation=\u00bb\u00bb css=\u00bb.vc_custom_1669907871208{margin-top: 0px !important;margin-right: 0px !important;margin-bottom: 0px !important;margin-left: 0px !important;padding-top: 35px !important;padding-right: 30px !important;padding-bottom: 0px !important;padding-left: 30px !important;}\u00bb el_class=\u00bbcitarowbuts1row\u00bb][vc_column_inner el_class=\u00bbreglacol1left\u00bb css=\u00bb.vc_custom_1669967593725{padding-right: 0px !important;padding-left: 0px !important;}\u00bb][vc_single_image image=\u00bb27490&#8243; img_size=\u00bbfull\u00bb qode_css_animation=\u00bb\u00bb][vc_empty_space height=\u00bb32&#8243;][vc_single_image image=\u00bb27484&#8243; img_size=\u00bbfull\u00bb qode_css_animation=\u00bb\u00bb][vc_empty_space height=\u00bb32&#8243;][\/vc_column_inner][\/vc_row_inner][\/vc_column][\/vc_row][vc_row css_animation=\u00bb\u00bb row_type=\u00bbrow\u00bb use_row_as_full_screen_section=\u00bbno\u00bb type=\u00bbgrid\u00bb angled_section=\u00bbno\u00bb text_align=\u00bbleft\u00bb background_image_as_pattern=\u00bbwithout_pattern\u00bb z_index=\u00bb\u00bb][vc_column][vc_empty_space height=\u00bb75&#8243;][\/vc_column][\/vc_row]<\/p>\n<div class=\"social-share-buttons\"><a href=\"https:\/\/www.facebook.com\/sharer\/sharer.php?u=https:\/\/tmesa.com\/es\/a\/tmobilitat-terrassa\/\" target=\"_blank\" rel=\"noopener\"><i class=\"fa-brands fa-facebook-f\"><\/i><\/a><a href=\"https:\/\/twitter.com\/intent\/tweet?url=https:\/\/tmesa.com\/es\/a\/tmobilitat-terrassa\/&text=T-mobilitat\" target=\"_blank\" rel=\"noopener\"><i class=\"fa-brands fa-twitter\"><\/i><\/a><a href=\"https:\/\/www.linkedin.com\/shareArticle?url=https:\/\/tmesa.com\/es\/a\/tmobilitat-terrassa\/&title=T-mobilitat\" target=\"_blank\" rel=\"noopener\"><i class=\"fa-brands fa-linkedin-in\"><\/i><\/a><\/div><\/div>","protected":false},"excerpt":{"rendered":"<p>[vc_row css_animation=\u00bb\u00bb row_type=\u00bbrow\u00bb use_row_as_full_screen_section=\u00bbno\u00bb type=\u00bbgrid\u00bb angled_section=\u00bbno\u00bb text_align=\u00bbleft\u00bb background_image_as_pattern=\u00bbwithout_pattern\u00bb z_index=\u00bb\u00bb el_id=\u00bbbreadcrumbs\u00bb][vc_column][vc_widget_sidebar sidebar_id=\u00bbBreadcrumbs\u00bb el_class=\u00bbmybreadcrumbs\u00bb][\/vc_column][\/vc_row][vc_row css_animation=\u00bb\u00bb row_type=\u00bbrow\u00bb use_row_as_full_screen_section=\u00bbno\u00bb type=\u00bbgrid\u00bb angled_section=\u00bbno\u00bb text_align=\u00bbleft\u00bb background_image_as_pattern=\u00bbwithout_pattern\u00bb z_index=\u00bb\u00bb el_id=\u00bbpagetitle\u00bb][vc_column][vc_column_text el_class=\u00bbpagetit1&#8243;] T-mobilitat [\/vc_column_text][vc_separator type=\u00bbnormal\u00bb el_class=\u00bbpagelineleft1&#8243; color=\u00bb#5f2167&#8243; thickness=\u00bb4&#8243; up=\u00bb25&#8243; down=\u00bb25&#8243;][\/vc_column][\/vc_row][vc_row css_animation=\u00bb\u00bb row_type=\u00bbrow\u00bb use_row_as_full_screen_section=\u00bbno\u00bb type=\u00bbgrid\u00bb angled_section=\u00bbno\u00bb text_align=\u00bbleft\u00bb background_image_as_pattern=\u00bbwithout_pattern\u00bb z_index=\u00bb\u00bb el_class=\u00bbreglapagewhite1 quisom1&#8243; css=\u00bb.vc_custom_1575992147470{margin-top: 20px !important;}\u00bb][vc_column width=\u00bb1\/2&#8243;][vc_row_inner row_type=\u00bbrow\u00bb&#8230;<\/p>\n","protected":false},"author":1,"featured_media":27491,"parent":9288,"menu_order":0,"comment_status":"closed","ping_status":"closed","template":"full_width.php","meta":{"_acf_changed":false,"footnotes":"","_wp_rev_ctl_limit":"5"},"class_list":["post-27289","page","type-page","status-publish","has-post-thumbnail","hentry"],"acf":[],"yoast_head":"<!-- This site is optimized with the Yoast SEO plugin v23.8 - https:\/\/yoast.com\/wordpress\/plugins\/seo\/ -->\n<title>T-mobilitat en el bus de Terrassa &#8211; Transports Municipals d\u2019Egara<\/title>\n<meta name=\"description\" content=\"T-mobilitat en el bus de Terrassa. El nuevo sistema del transporte p\u00fablico con tecnolog\u00eda sin contacto, con una tarjeta recargable o con el tel\u00e9fono m\u00f3vil.\" \/>\n<meta name=\"robots\" content=\"noindex, follow\" \/>\n<meta property=\"og:locale\" content=\"es_ES\" \/>\n<meta property=\"og:type\" content=\"article\" \/>\n<meta property=\"og:title\" content=\"T-mobilitat en el bus de Terrassa &#8211; Transports Municipals d\u2019Egara\" \/>\n<meta property=\"og:description\" content=\"T-mobilitat en el bus de Terrassa. El nuevo sistema del transporte p\u00fablico con tecnolog\u00eda sin contacto, con una tarjeta recargable o con el tel\u00e9fono m\u00f3vil.\" \/>\n<meta property=\"og:url\" content=\"https:\/\/tmesa.com\/es\/a\/tmobilitat-terrassa\/\" \/>\n<meta property=\"og:site_name\" content=\"Transports Municipals d\u2019Egara\" \/>\n<meta property=\"article:modified_time\" content=\"2023-05-05T09:51:53+00:00\" \/>\n<meta property=\"og:image\" content=\"https:\/\/tmesa.com\/wp-content\/uploads\/2022\/12\/tmobilitat-bus-terrassa-tmesa-01.jpg\" \/>\n\t<meta property=\"og:image:width\" content=\"1100\" \/>\n\t<meta property=\"og:image:height\" content=\"734\" \/>\n\t<meta property=\"og:image:type\" content=\"image\/jpeg\" \/>\n<meta name=\"twitter:card\" content=\"summary_large_image\" \/>\n<meta name=\"twitter:label1\" content=\"Tiempo de lectura\" \/>\n\t<meta name=\"twitter:data1\" content=\"2 minutos\" \/>\n<script type=\"application\/ld+json\" class=\"yoast-schema-graph\">{\"@context\":\"https:\/\/schema.org\",\"@graph\":[{\"@type\":\"WebPage\",\"@id\":\"https:\/\/tmesa.com\/es\/a\/tmobilitat-terrassa\/\",\"url\":\"https:\/\/tmesa.com\/es\/a\/tmobilitat-terrassa\/\",\"name\":\"T-mobilitat en el bus de Terrassa &#8211; Transports Municipals d\u2019Egara\",\"isPartOf\":{\"@id\":\"https:\/\/tmesa.com\/es\/#website\"},\"primaryImageOfPage\":{\"@id\":\"https:\/\/tmesa.com\/es\/a\/tmobilitat-terrassa\/#primaryimage\"},\"image\":{\"@id\":\"https:\/\/tmesa.com\/es\/a\/tmobilitat-terrassa\/#primaryimage\"},\"thumbnailUrl\":\"https:\/\/tmesa.com\/wp-content\/uploads\/2022\/12\/tmobilitat-bus-terrassa-tmesa-01.jpg\",\"datePublished\":\"2023-02-02T14:53:04+00:00\",\"dateModified\":\"2023-05-05T09:51:53+00:00\",\"description\":\"T-mobilitat en el bus de Terrassa. El nuevo sistema del transporte p\u00fablico con tecnolog\u00eda sin contacto, con una tarjeta recargable o con el tel\u00e9fono m\u00f3vil.\",\"breadcrumb\":{\"@id\":\"https:\/\/tmesa.com\/es\/a\/tmobilitat-terrassa\/#breadcrumb\"},\"inLanguage\":\"es\",\"potentialAction\":[{\"@type\":\"ReadAction\",\"target\":[\"https:\/\/tmesa.com\/es\/a\/tmobilitat-terrassa\/\"]}]},{\"@type\":\"ImageObject\",\"inLanguage\":\"es\",\"@id\":\"https:\/\/tmesa.com\/es\/a\/tmobilitat-terrassa\/#primaryimage\",\"url\":\"https:\/\/tmesa.com\/wp-content\/uploads\/2022\/12\/tmobilitat-bus-terrassa-tmesa-01.jpg\",\"contentUrl\":\"https:\/\/tmesa.com\/wp-content\/uploads\/2022\/12\/tmobilitat-bus-terrassa-tmesa-01.jpg\",\"width\":1100,\"height\":734,\"caption\":\"T-mob\"},{\"@type\":\"BreadcrumbList\",\"@id\":\"https:\/\/tmesa.com\/es\/a\/tmobilitat-terrassa\/#breadcrumb\",\"itemListElement\":[{\"@type\":\"ListItem\",\"position\":1,\"name\":\"Inici\",\"item\":\"https:\/\/tmesa.com\/es\/\"},{\"@type\":\"ListItem\",\"position\":2,\"name\":\"Atenci\u00f3n al cliente\",\"item\":\"https:\/\/tmesa.com\/es\/a\/\"},{\"@type\":\"ListItem\",\"position\":3,\"name\":\"T-mobilitat\"}]},{\"@type\":\"WebSite\",\"@id\":\"https:\/\/tmesa.com\/es\/#website\",\"url\":\"https:\/\/tmesa.com\/es\/\",\"name\":\"Transports Municipals d\u2019Egara\",\"description\":\"\",\"potentialAction\":[{\"@type\":\"SearchAction\",\"target\":{\"@type\":\"EntryPoint\",\"urlTemplate\":\"https:\/\/tmesa.com\/es\/?s={search_term_string}\"},\"query-input\":{\"@type\":\"PropertyValueSpecification\",\"valueRequired\":true,\"valueName\":\"search_term_string\"}}],\"inLanguage\":\"es\"}]}<\/script>\n<!-- \/ Yoast SEO plugin. -->","yoast_head_json":{"title":"T-mobilitat en el bus de Terrassa &#8211; Transports Municipals d\u2019Egara","description":"T-mobilitat en el bus de Terrassa. El nuevo sistema del transporte p\u00fablico con tecnolog\u00eda sin contacto, con una tarjeta recargable o con el tel\u00e9fono m\u00f3vil.","robots":{"index":"noindex","follow":"follow"},"og_locale":"es_ES","og_type":"article","og_title":"T-mobilitat en el bus de Terrassa &#8211; Transports Municipals d\u2019Egara","og_description":"T-mobilitat en el bus de Terrassa. El nuevo sistema del transporte p\u00fablico con tecnolog\u00eda sin contacto, con una tarjeta recargable o con el tel\u00e9fono m\u00f3vil.","og_url":"https:\/\/tmesa.com\/es\/a\/tmobilitat-terrassa\/","og_site_name":"Transports Municipals d\u2019Egara","article_modified_time":"2023-05-05T09:51:53+00:00","og_image":[{"width":1100,"height":734,"url":"https:\/\/tmesa.com\/wp-content\/uploads\/2022\/12\/tmobilitat-bus-terrassa-tmesa-01.jpg","type":"image\/jpeg"}],"twitter_card":"summary_large_image","twitter_misc":{"Tiempo de lectura":"2 minutos"},"schema":{"@context":"https:\/\/schema.org","@graph":[{"@type":"WebPage","@id":"https:\/\/tmesa.com\/es\/a\/tmobilitat-terrassa\/","url":"https:\/\/tmesa.com\/es\/a\/tmobilitat-terrassa\/","name":"T-mobilitat en el bus de Terrassa &#8211; Transports Municipals d\u2019Egara","isPartOf":{"@id":"https:\/\/tmesa.com\/es\/#website"},"primaryImageOfPage":{"@id":"https:\/\/tmesa.com\/es\/a\/tmobilitat-terrassa\/#primaryimage"},"image":{"@id":"https:\/\/tmesa.com\/es\/a\/tmobilitat-terrassa\/#primaryimage"},"thumbnailUrl":"https:\/\/tmesa.com\/wp-content\/uploads\/2022\/12\/tmobilitat-bus-terrassa-tmesa-01.jpg","datePublished":"2023-02-02T14:53:04+00:00","dateModified":"2023-05-05T09:51:53+00:00","description":"T-mobilitat en el bus de Terrassa. El nuevo sistema del transporte p\u00fablico con tecnolog\u00eda sin contacto, con una tarjeta recargable o con el tel\u00e9fono m\u00f3vil.","breadcrumb":{"@id":"https:\/\/tmesa.com\/es\/a\/tmobilitat-terrassa\/#breadcrumb"},"inLanguage":"es","potentialAction":[{"@type":"ReadAction","target":["https:\/\/tmesa.com\/es\/a\/tmobilitat-terrassa\/"]}]},{"@type":"ImageObject","inLanguage":"es","@id":"https:\/\/tmesa.com\/es\/a\/tmobilitat-terrassa\/#primaryimage","url":"https:\/\/tmesa.com\/wp-content\/uploads\/2022\/12\/tmobilitat-bus-terrassa-tmesa-01.jpg","contentUrl":"https:\/\/tmesa.com\/wp-content\/uploads\/2022\/12\/tmobilitat-bus-terrassa-tmesa-01.jpg","width":1100,"height":734,"caption":"T-mob"},{"@type":"BreadcrumbList","@id":"https:\/\/tmesa.com\/es\/a\/tmobilitat-terrassa\/#breadcrumb","itemListElement":[{"@type":"ListItem","position":1,"name":"Inici","item":"https:\/\/tmesa.com\/es\/"},{"@type":"ListItem","position":2,"name":"Atenci\u00f3n al cliente","item":"https:\/\/tmesa.com\/es\/a\/"},{"@type":"ListItem","position":3,"name":"T-mobilitat"}]},{"@type":"WebSite","@id":"https:\/\/tmesa.com\/es\/#website","url":"https:\/\/tmesa.com\/es\/","name":"Transports Municipals d\u2019Egara","description":"","potentialAction":[{"@type":"SearchAction","target":{"@type":"EntryPoint","urlTemplate":"https:\/\/tmesa.com\/es\/?s={search_term_string}"},"query-input":{"@type":"PropertyValueSpecification","valueRequired":true,"valueName":"search_term_string"}}],"inLanguage":"es"}]}},"publishpress_future_workflow_manual_trigger":{"enabledWorkflows":[]},"_links":{"self":[{"href":"https:\/\/tmesa.com\/es\/wp-json\/wp\/v2\/pages\/27289"}],"collection":[{"href":"https:\/\/tmesa.com\/es\/wp-json\/wp\/v2\/pages"}],"about":[{"href":"https:\/\/tmesa.com\/es\/wp-json\/wp\/v2\/types\/page"}],"author":[{"embeddable":true,"href":"https:\/\/tmesa.com\/es\/wp-json\/wp\/v2\/users\/1"}],"replies":[{"embeddable":true,"href":"https:\/\/tmesa.com\/es\/wp-json\/wp\/v2\/comments?post=27289"}],"version-history":[{"count":5,"href":"https:\/\/tmesa.com\/es\/wp-json\/wp\/v2\/pages\/27289\/revisions"}],"predecessor-version":[{"id":28649,"href":"https:\/\/tmesa.com\/es\/wp-json\/wp\/v2\/pages\/27289\/revisions\/28649"}],"up":[{"embeddable":true,"href":"https:\/\/tmesa.com\/es\/wp-json\/wp\/v2\/pages\/9288"}],"wp:featuredmedia":[{"embeddable":true,"href":"https:\/\/tmesa.com\/es\/wp-json\/wp\/v2\/media\/27491"}],"wp:attachment":[{"href":"https:\/\/tmesa.com\/es\/wp-json\/wp\/v2\/media?parent=27289"}],"curies":[{"name":"wp","href":"https:\/\/api.w.org\/{rel}","templated":true}]}}