{"id":26857,"date":"2022-08-24T11:26:12","date_gmt":"2022-08-24T09:26:12","guid":{"rendered":"https:\/\/tmesa.com\/?page_id=26857"},"modified":"2025-01-10T12:12:55","modified_gmt":"2025-01-10T11:12:55","slug":"titulos-de-transporte-integrados-reducidos","status":"publish","type":"page","link":"https:\/\/tmesa.com\/es\/p\/titulos-de-transporte-integrados-reducidos\/","title":{"rendered":"T\u00edtulos de transporte integrados reducidos"},"content":{"rendered":"<div class=\"wpb-content-wrapper\"><p>[vc_row css_animation=\u00bb\u00bb row_type=\u00bbrow\u00bb use_row_as_full_screen_section=\u00bbno\u00bb type=\u00bbgrid\u00bb angled_section=\u00bbno\u00bb text_align=\u00bbleft\u00bb background_image_as_pattern=\u00bbwithout_pattern\u00bb z_index=\u00bb\u00bb el_id=\u00bbbreadcrumbs\u00bb][vc_column][vc_widget_sidebar sidebar_id=\u00bbBreadcrumbs\u00bb el_class=\u00bbmybreadcrumbs\u00bb][\/vc_column][\/vc_row][vc_row css_animation=\u00bb\u00bb row_type=\u00bbrow\u00bb use_row_as_full_screen_section=\u00bbno\u00bb type=\u00bbgrid\u00bb angled_section=\u00bbno\u00bb text_align=\u00bbleft\u00bb background_image_as_pattern=\u00bbwithout_pattern\u00bb z_index=\u00bb\u00bb el_id=\u00bbpagetitle\u00bb][vc_column width=\u00bb2\/3&#8243;][vc_column_text el_class=\u00bbpagetit1&#8243;]<\/p>\n<h1><a title=\"T\u00edtulos de transporte integrados\" href=\"https:\/\/tmesa.com\/es\/p\/tarifas-precios-tarjetas-atm-bus-tmesa\/\">T\u00edtulos de transporte integrados<\/a><\/h1>\n<p>[\/vc_column_text][vc_separator type=\u00bbnormal\u00bb el_class=\u00bbpagelineleft1&#8243; color=\u00bb#5f2167&#8243; thickness=\u00bb4&#8243; up=\u00bb25&#8243; down=\u00bb25&#8243;][\/vc_column][vc_column width=\u00bb1\/3&#8243;][vc_single_image image=\u00bb11516&#8243; img_size=\u00bbfull\u00bb alignment=\u00bbright\u00bb onclick=\u00bbcustom_link\u00bb img_link_target=\u00bb_blank\u00bb qode_css_animation=\u00bb\u00bb link=\u00bbhttps:\/\/www.atm.cat\/es\/sistema-tarifari-integrat\/sistema-de-transport\/mapa-de-la-zonificacio\u00bb el_class=\u00bbatmbut1&#8243;][\/vc_column][\/vc_row][vc_row css_animation=\u00bb\u00bb row_type=\u00bbrow\u00bb use_row_as_full_screen_section=\u00bbno\u00bb type=\u00bbgrid\u00bb angled_section=\u00bbno\u00bb text_align=\u00bbleft\u00bb background_image_as_pattern=\u00bbwithout_pattern\u00bb z_index=\u00bb\u00bb el_class=\u00bbesconde\u00bb][vc_column][vc_single_image image=\u00bb27040&#8243; img_size=\u00bbfull\u00bb qode_css_animation=\u00bb\u00bb][vc_separator type=\u00bbnormal\u00bb color=\u00bb#5f2167&#8243; thickness=\u00bb0&#8243; up=\u00bb15&#8243; down=\u00bb10&#8243;][\/vc_column][\/vc_row][vc_row css_animation=\u00bb\u00bb row_type=\u00bbrow\u00bb use_row_as_full_screen_section=\u00bbno\u00bb type=\u00bbgrid\u00bb angled_section=\u00bbno\u00bb text_align=\u00bbleft\u00bb background_image_as_pattern=\u00bbwithout_pattern\u00bb z_index=\u00bb\u00bb][vc_column][vc_column_text el_class=\u00bbpagesubtit2&#8243;]<\/p>\n<h4>REDUCCI\u00d3N TEMPORAL DE TARIFAS<\/h4>\n<p>[\/vc_column_text][vc_column_text css=\u00bb.vc_custom_1736435034167{margin-bottom: 20px !important;}\u00bb el_class=\u00bbpagesubtit2&#8243;]Los precios se aplicar\u00e1n a partir del 15 de enero de 2025 y hasta el 31 de diciembre de 2025.[\/vc_column_text][vc_raw_html el_class=\u00bbmoreinfobut1&#8243;]JTNDYSUyMGhyZWYlM0QlMjJodHRwcyUzQSUyRiUyRnd3dy5hdG0uY2F0JTJGZXMlMkZzaXN0ZW1hLXRhcmlmYXJpLWludGVncmF0JTJGdGl0b2xzLWktdGFyaWZlcyUyMiUyMHRhcmdldCUzRCUyMl9ibGFuayUyMiUzRSUzQ2RpdiUyMGNsYXNzJTNEJTIyZGVzY2FtYXBwZGYxJTIyJTNFJTNDaSUyMGNsYXNzJTNEJTIyZmElMjBmYS1pbmZvLWNpcmNsZSUyMiUyMGFyaWEtaGlkZGVuJTNEJTIydHJ1ZSUyMiUzRSUzQyUyRmklM0UlMjBNJUMzJUExcyUyMGluZm9ybWFjaSVDMyVCM24lM0MlMkZkaXYlM0UlM0MlMkZhJTNF[\/vc_raw_html][\/vc_column][\/vc_row][vc_row css_animation=\u00bb\u00bb row_type=\u00bbrow\u00bb use_row_as_full_screen_section=\u00bbno\u00bb type=\u00bbgrid\u00bb angled_section=\u00bbno\u00bb text_align=\u00bbleft\u00bb background_image_as_pattern=\u00bbwithout_pattern\u00bb el_class=\u00bbtarifespage reglapagewhite1&#8243; z_index=\u00bb\u00bb css=\u00bb.vc_custom_1575970599613{margin-top: 20px !important;}\u00bb][vc_column width=\u00bb1\/2&#8243; css=\u00bb.vc_custom_1575970609256{padding-top: 30px !important;padding-right: 30px !important;padding-bottom: 30px !important;padding-left: 30px !important;}\u00bb][vc_row_inner row_type=\u00bbrow\u00bb type=\u00bbfull_width\u00bb text_align=\u00bbleft\u00bb css_animation=\u00bb\u00bb css=\u00bb.vc_custom_1574069572471{padding-right: 20px !important;padding-left: 28px !important;}\u00bb][vc_column_inner width=\u00bb1\/3&#8243; css=\u00bb.vc_custom_1573818990758{padding-left: 0px !important;}\u00bb][vc_single_image image=\u00bb8206&#8243; img_size=\u00bbfull\u00bb onclick=\u00bbcustom_link\u00bb img_link_target=\u00bb_blank\u00bb qode_css_animation=\u00bb\u00bb el_class=\u00bbtarifespageimg1&#8243; link=\u00bbhttps:\/\/www.atm.cat\/es\/sistema-tarifari-integrat\/titols-i-tarifes\/titols-i-preus#bloc-1&#8243;][\/vc_column_inner][vc_column_inner width=\u00bb2\/3&#8243;][vc_column_text el_class=\u00bbtarifespagetit1&#8243;]T-casual[\/vc_column_text][vc_column_text el_class=\u00bbtarifespagetit1b\u00bb]T\u00edtulo unipersonal 10 viajes[\/vc_column_text][vc_column_text el_class=\u00bbtarifestxt1&#8243;]T\u00edtulo unipersonal de <strong>10 viajes<\/strong> con derecho a transbordo.<br \/>\nNo es v\u00e1lido en las estaciones de metro Aeroport T1 y Aeroport T2 de la l\u00ednea L9 Sud.<br \/>\n\u2014 T\u00edtulo disponible tambi\u00e9n con la <a href=\"https:\/\/t-mobilitat.atm.cat\/web\/t-mobilitat\/soportes-y-titulos\/titulos\" target=\"_blank\" rel=\"noopener\">T-mobilitat<\/a>.[\/vc_column_text][\/vc_column_inner][\/vc_row_inner][vc_row_inner row_type=\u00bbrow\u00bb type=\u00bbfull_width\u00bb text_align=\u00bbleft\u00bb css_animation=\u00bb\u00bb css=\u00bb.vc_custom_1574755485751{margin-top: 0px !important;padding-top: 0px !important;padding-right: 20px !important;padding-left: 10px !important;}\u00bb el_class=\u00bbtarifespagelinedown1&#8243;][vc_column_inner css=\u00bb.vc_custom_1573818990758{padding-left: 0px !important;}\u00bb][vc_raw_html el_class=\u00bbmypricestable1&#8243;]JTVCdGFibGUlMjBpZCUzRDE4JTIwJTJGJTVE[\/vc_raw_html][\/vc_column_inner][\/vc_row_inner][vc_row_inner row_type=\u00bbrow\u00bb type=\u00bbfull_width\u00bb text_align=\u00bbleft\u00bb css_animation=\u00bb\u00bb css=\u00bb.vc_custom_1574756319014{margin-left: 10px !important;padding-right: 20px !important;padding-left: 5px !important;}\u00bb][vc_column_inner css=\u00bb.vc_custom_1573818990758{padding-left: 0px !important;}\u00bb][vc_separator type=\u00bbnormal\u00bb color=\u00bb#cecece\u00bb thickness=\u00bb1&#8243; up=\u00bb15&#8243; down=\u00bb20&#8243;][\/vc_column_inner][\/vc_row_inner][vc_row_inner row_type=\u00bbrow\u00bb type=\u00bbfull_width\u00bb text_align=\u00bbleft\u00bb css_animation=\u00bb\u00bb css=\u00bb.vc_custom_1574070999323{margin-top: 40px !important;padding-right: 20px !important;padding-left: 28px !important;}\u00bb][vc_column_inner width=\u00bb1\/3&#8243; css=\u00bb.vc_custom_1573818990758{padding-left: 0px !important;}\u00bb][vc_single_image image=\u00bb8216&#8243; img_size=\u00bbfull\u00bb onclick=\u00bbcustom_link\u00bb img_link_target=\u00bb_blank\u00bb qode_css_animation=\u00bb\u00bb el_class=\u00bbtarifespageimg1&#8243; link=\u00bbhttps:\/\/www.atm.cat\/es\/sistema-tarifari-integrat\/titols-i-tarifes\/titols-i-preus#bloc-2&#8243;][\/vc_column_inner][vc_column_inner width=\u00bb2\/3&#8243;][vc_column_text el_class=\u00bbtarifespagetit1&#8243;]T-usual[\/vc_column_text][vc_column_text el_class=\u00bbtarifespagetit1b\u00bb]T\u00edtulo personal 30 d\u00edas Viajes ilimitados[\/vc_column_text][vc_column_text el_class=\u00bbtarifestxt1&#8243;]T\u00edtulo personal con un n\u00famero de viajes ilimitados en <strong>30 d\u00edas<\/strong> consecutivos, en las zonas delimitadas por la primera validaci\u00f3n.<br \/>\n\u2014 T\u00edtulo disponible tambi\u00e9n con la <a href=\"https:\/\/t-mobilitat.atm.cat\/web\/t-mobilitat\/soportes-y-titulos\/titulos\" target=\"_blank\" rel=\"noopener\">T-mobilitat<\/a>.[\/vc_column_text][vc_raw_html el_class=\u00bbmypricestable1&#8243;]JTVCdGFibGUlMjBpZCUzRDMyJTIwJTJGJTVE[\/vc_raw_html][\/vc_column_inner][\/vc_row_inner][vc_row_inner row_type=\u00bbrow\u00bb type=\u00bbfull_width\u00bb text_align=\u00bbleft\u00bb css_animation=\u00bb\u00bb css=\u00bb.vc_custom_1574755508182{margin-left: 10px !important;padding-right: 20px !important;padding-left: 5px !important;}\u00bb][vc_column_inner css=\u00bb.vc_custom_1573818990758{padding-left: 0px !important;}\u00bb][vc_separator type=\u00bbnormal\u00bb color=\u00bb#cecece\u00bb thickness=\u00bb1&#8243; up=\u00bb15&#8243; down=\u00bb20&#8243;][\/vc_column_inner][\/vc_row_inner][vc_row_inner row_type=\u00bbrow\u00bb type=\u00bbfull_width\u00bb text_align=\u00bbleft\u00bb css_animation=\u00bb\u00bb css=\u00bb.vc_custom_1574070999323{margin-top: 40px !important;padding-right: 20px !important;padding-left: 28px !important;}\u00bb][vc_column_inner width=\u00bb1\/3&#8243; css=\u00bb.vc_custom_1573818990758{padding-left: 0px !important;}\u00bb][vc_single_image image=\u00bb8214&#8243; img_size=\u00bbfull\u00bb onclick=\u00bbcustom_link\u00bb img_link_target=\u00bb_blank\u00bb qode_css_animation=\u00bb\u00bb el_class=\u00bbtarifespageimg1&#8243; link=\u00bbhttps:\/\/www.atm.cat\/es\/tarifaciosocial#bloc-2&#8243;][\/vc_column_inner][vc_column_inner width=\u00bb2\/3&#8243;][vc_column_text el_class=\u00bbtarifespagetit1&#8243;]T-jove[\/vc_column_text][vc_column_text css=\u00bb\u00bb el_class=\u00bbtarifestxt1 tarifespreu1&#8243;]T\u00edtulo personal e intransferible para j\u00f3venes <strong>menores de 30 a\u00f1os<\/strong> con n\u00famero ilimitado de viajes integrados en 90 d\u00edas consecutivos por las 6 coronas, en todos los modos de transporte. Debe ir acompa\u00f1ado de un documento oficial acreditativo y en vigor de su titular.<br \/>\n\u2014 T\u00edtulo disponible s\u00f3lo con la <a href=\"https:\/\/t-mobilitat.atm.cat\/web\/t-mobilitat\/soportes-y-titulos\/titulos\" target=\"_blank\" rel=\"noopener\">T-mobilitat<\/a>.<\/p>\n<p>Precio (bonificado): <em>44,00 \u20ac<\/em>[\/vc_column_text][\/vc_column_inner][\/vc_row_inner][vc_row_inner row_type=\u00bbrow\u00bb type=\u00bbfull_width\u00bb text_align=\u00bbleft\u00bb css_animation=\u00bb\u00bb css=\u00bb.vc_custom_1574755485751{margin-top: 0px !important;padding-top: 0px !important;padding-right: 20px !important;padding-left: 10px !important;}\u00bb el_class=\u00bbtarifespagelinedown1&#8243;][vc_column_inner css=\u00bb.vc_custom_1573818990758{padding-left: 0px !important;}\u00bb][\/vc_column_inner][\/vc_row_inner][vc_row_inner row_type=\u00bbrow\u00bb type=\u00bbfull_width\u00bb text_align=\u00bbleft\u00bb css_animation=\u00bb\u00bb css=\u00bb.vc_custom_1574755508182{margin-left: 10px !important;padding-right: 20px !important;padding-left: 5px !important;}\u00bb][vc_column_inner css=\u00bb.vc_custom_1573818990758{padding-left: 0px !important;}\u00bb][vc_separator type=\u00bbnormal\u00bb color=\u00bb#cecece\u00bb thickness=\u00bb1&#8243; up=\u00bb15&#8243; down=\u00bb20&#8243;][\/vc_column_inner][\/vc_row_inner][vc_row_inner row_type=\u00bbrow\u00bb type=\u00bbfull_width\u00bb text_align=\u00bbleft\u00bb css_animation=\u00bb\u00bb css=\u00bb.vc_custom_1574070999323{margin-top: 40px !important;padding-right: 20px !important;padding-left: 28px !important;}\u00bb][vc_column_inner width=\u00bb1\/3&#8243; css=\u00bb.vc_custom_1573818990758{padding-left: 0px !important;}\u00bb][vc_single_image image=\u00bb8212&#8243; img_size=\u00bbfull\u00bb onclick=\u00bbcustom_link\u00bb img_link_target=\u00bb_blank\u00bb qode_css_animation=\u00bb\u00bb el_class=\u00bbtarifespageimg1&#8243; link=\u00bbhttps:\/\/www.atm.cat\/es\/sistema-tarifari-integrat\/titols-i-tarifes\/titols-i-preus#bloc-3&#8243;][\/vc_column_inner][vc_column_inner width=\u00bb2\/3&#8243;][vc_column_text el_class=\u00bbtarifespagetit1&#8243;]T-grup[\/vc_column_text][vc_column_text el_class=\u00bbtarifestxt1&#8243;]T\u00edtulo multipersonal de <strong>70 viajes integrados en 30 d\u00edas consecutivos<\/strong> desde la primera validaci\u00f3n con derecho a transbordo.<br \/>\n\u200bNo es v\u00e1lido en las estaciones de metro Aeroport T1 y Aeroport T2 de la l\u00ednea L9 Sud.<br \/>\nT\u00edtulo disponible con la <a href=\"https:\/\/t-mobilitat.atm.cat\/web\/t-mobilitat\/soportes-y-titulos\/titulos\" target=\"_blank\" rel=\"noopener\">T-mobilitat<\/a>.[\/vc_column_text][\/vc_column_inner][\/vc_row_inner][vc_row_inner row_type=\u00bbrow\u00bb type=\u00bbfull_width\u00bb text_align=\u00bbleft\u00bb css_animation=\u00bb\u00bb el_class=\u00bbtarifespagelinedown1&#8243; css=\u00bb.vc_custom_1574069605560{margin-top: 0px !important;padding-top: 0px !important;padding-right: 20px !important;padding-left: 10px !important;}\u00bb][vc_column_inner css=\u00bb.vc_custom_1573818990758{padding-left: 0px !important;}\u00bb][vc_raw_html el_class=\u00bbmypricestable1&#8243;]JTVCdGFibGUlMjBpZCUzRDIxJTIwJTJGJTVE[\/vc_raw_html][\/vc_column_inner][\/vc_row_inner][vc_row_inner row_type=\u00bbrow\u00bb type=\u00bbfull_width\u00bb text_align=\u00bbleft\u00bb css_animation=\u00bb\u00bb css=\u00bb.vc_custom_1577956747216{margin-left: 10px !important;padding-right: 20px !important;padding-left: 5px !important;}\u00bb el_class=\u00bbhiddenrow\u00bb][vc_column_inner css=\u00bb.vc_custom_1573818990758{padding-left: 0px !important;}\u00bb][vc_separator type=\u00bbnormal\u00bb color=\u00bb#cecece\u00bb thickness=\u00bb1&#8243; up=\u00bb15&#8243; down=\u00bb20&#8243;][\/vc_column_inner][\/vc_row_inner][\/vc_column][vc_column width=\u00bb1\/2&#8243; css=\u00bb.vc_custom_1575970716404{padding-top: 30px !important;padding-right: 30px !important;padding-bottom: 20px !important;padding-left: 30px !important;}\u00bb el_class=\u00bbtarifescolright1&#8243;][vc_row_inner row_type=\u00bbrow\u00bb type=\u00bbfull_width\u00bb text_align=\u00bbleft\u00bb css_animation=\u00bb\u00bb css=\u00bb.vc_custom_1574069572471{padding-right: 20px !important;padding-left: 28px !important;}\u00bb][vc_column_inner width=\u00bb1\/3&#8243; css=\u00bb.vc_custom_1573818990758{padding-left: 0px !important;}\u00bb][vc_single_image image=\u00bb8210&#8243; img_size=\u00bbfull\u00bb onclick=\u00bbcustom_link\u00bb img_link_target=\u00bb_blank\u00bb qode_css_animation=\u00bb\u00bb el_class=\u00bbtarifespageimg1&#8243; link=\u00bbhttps:\/\/www.atm.cat\/es\/sistema-tarifari-integrat\/titols-i-tarifes\/titols-i-preus#bloc-4&#8243;][\/vc_column_inner][vc_column_inner width=\u00bb2\/3&#8243;][vc_column_text el_class=\u00bbtarifespagetit1&#8243;]T-familiar[\/vc_column_text][vc_column_text el_class=\u00bbtarifespagetit1b\u00bb]T\u00edtulo multipersonal 8 viajes en 30 d\u00edas[\/vc_column_text][vc_column_text el_class=\u00bbtarifestxt1&#8243;]T\u00edtulo multipersonal, de <strong>8 viajes integrados en 30 d\u00edas<\/strong> consecutivos desde la primera validaci\u00f3n, en todos los modos de transporte seg\u00fan las zonas en las que se transite (pago m\u00e1ximo 6 zonas).<br \/>\nNo es v\u00e1lido en las estaciones de metro Aeroport T1 y Aeroport T2 de la l\u00ednea L9 Sud. Este t\u00edtulo entrar\u00e1 en vigor el 1 de marzo de 2021.<br \/>\n\u2014 T\u00edtulo disponible tambi\u00e9n con la <a href=\"https:\/\/t-mobilitat.atm.cat\/web\/t-mobilitat\/soportes-y-titulos\/titulos\" target=\"_blank\" rel=\"noopener\">T-mobilitat<\/a>.[\/vc_column_text][\/vc_column_inner][\/vc_row_inner][vc_row_inner row_type=\u00bbrow\u00bb type=\u00bbfull_width\u00bb text_align=\u00bbleft\u00bb css_animation=\u00bb\u00bb el_class=\u00bbtarifespagelinedown1&#8243; css=\u00bb.vc_custom_1574069605560{margin-top: 0px !important;padding-top: 0px !important;padding-right: 20px !important;padding-left: 10px !important;}\u00bb][vc_column_inner css=\u00bb.vc_custom_1573818990758{padding-left: 0px !important;}\u00bb][vc_raw_html el_class=\u00bbmypricestable1&#8243;]JTVCdGFibGUlMjBpZCUzRDIyJTIwJTJGJTVE[\/vc_raw_html][\/vc_column_inner][\/vc_row_inner][vc_row_inner row_type=\u00bbrow\u00bb type=\u00bbfull_width\u00bb text_align=\u00bbleft\u00bb css_animation=\u00bb\u00bb css=\u00bb.vc_custom_1574755508182{margin-left: 10px !important;padding-right: 20px !important;padding-left: 5px !important;}\u00bb][vc_column_inner css=\u00bb.vc_custom_1573818990758{padding-left: 0px !important;}\u00bb][vc_separator type=\u00bbnormal\u00bb color=\u00bb#cecece\u00bb thickness=\u00bb1&#8243; up=\u00bb15&#8243; down=\u00bb20&#8243;][\/vc_column_inner][\/vc_row_inner][vc_row_inner row_type=\u00bbrow\u00bb type=\u00bbfull_width\u00bb text_align=\u00bbleft\u00bb css_animation=\u00bb\u00bb css=\u00bb.vc_custom_1574073361076{margin-top: 40px !important;padding-right: 20px !important;padding-left: 28px !important;}\u00bb][vc_column_inner width=\u00bb1\/3&#8243; css=\u00bb.vc_custom_1573818990758{padding-left: 0px !important;}\u00bb][vc_single_image image=\u00bb8208&#8243; img_size=\u00bbfull\u00bb onclick=\u00bbcustom_link\u00bb img_link_target=\u00bb_blank\u00bb qode_css_animation=\u00bb\u00bb el_class=\u00bbtarifespageimg1&#8243; link=\u00bbhttps:\/\/www.atm.cat\/es\/sistema-tarifari-integrat\/titols-i-tarifes\/titols-i-preus#bloc-5&#8243;][\/vc_column_inner][vc_column_inner width=\u00bb2\/3&#8243;][vc_column_text el_class=\u00bbtarifespagetit1&#8243;]T-dia[\/vc_column_text][vc_column_text el_class=\u00bbtarifestxt1&#8243;]T\u00edtulo unipersonal con n\u00famero de <strong>viajes ilimitados en las zonas<\/strong> <strong>delimitadas<\/strong> por la primera validaci\u00f3n durante 24 horas a partir de la primera validaci\u00f3n.<br \/>\nPermite una ida y una vuelta en las estaciones de metro de Aeroport T1 y Aeroport T2 de la L9 Sud<strong>.<\/strong><strong><br \/>\n<\/strong>[\/vc_column_text][\/vc_column_inner][\/vc_row_inner][vc_row_inner row_type=\u00bbrow\u00bb type=\u00bbfull_width\u00bb text_align=\u00bbleft\u00bb css_animation=\u00bb\u00bb el_class=\u00bbtarifespagelinedown1&#8243; css=\u00bb.vc_custom_1574069605560{margin-top: 0px !important;padding-top: 0px !important;padding-right: 20px !important;padding-left: 10px !important;}\u00bb][vc_column_inner css=\u00bb.vc_custom_1573818990758{padding-left: 0px !important;}\u00bb][vc_raw_html el_class=\u00bbmypricestable1&#8243;]JTVCdGFibGUlMjBpZCUzRDIzJTIwJTJGJTVE[\/vc_raw_html][\/vc_column_inner][\/vc_row_inner][vc_row_inner row_type=\u00bbrow\u00bb type=\u00bbfull_width\u00bb text_align=\u00bbleft\u00bb css_animation=\u00bb\u00bb css=\u00bb.vc_custom_1574755508182{margin-left: 10px !important;padding-right: 20px !important;padding-left: 5px !important;}\u00bb][vc_column_inner css=\u00bb.vc_custom_1573818990758{padding-left: 0px !important;}\u00bb][vc_separator type=\u00bbnormal\u00bb color=\u00bb#cecece\u00bb thickness=\u00bb1&#8243; up=\u00bb15&#8243; down=\u00bb20&#8243;][\/vc_column_inner][\/vc_row_inner][vc_row_inner row_type=\u00bbrow\u00bb type=\u00bbfull_width\u00bb text_align=\u00bbleft\u00bb css_animation=\u00bb\u00bb css=\u00bb.vc_custom_1574073361076{margin-top: 40px !important;padding-right: 20px !important;padding-left: 28px !important;}\u00bb][vc_column_inner width=\u00bb1\/3&#8243; css=\u00bb.vc_custom_1573818990758{padding-left: 0px !important;}\u00bb][vc_single_image image=\u00bb28409&#8243; img_size=\u00bbfull\u00bb onclick=\u00bbcustom_link\u00bb img_link_target=\u00bb_blank\u00bb qode_css_animation=\u00bb\u00bb el_class=\u00bbtarifespageimg1&#8243; link=\u00bbhttps:\/\/t-mobilitat.atm.cat\/es\/web\/t-mobilitat\/t-16&#8243;][\/vc_column_inner][vc_column_inner width=\u00bb2\/3&#8243;][vc_column_text el_class=\u00bbtarifespagetit1&#8243;]T-16[\/vc_column_text][vc_column_text el_class=\u00bbtarifestxt1&#8243;]T\u00edtulo de transporte gratuito para los ni\u00f1os y ni\u00f1as de 4 hasta el 31 de diciembre del a\u00f1o en que cumplan los 16 a\u00f1os, que les permite hacer un n\u00famero ilimitado de viajes dentro de la misma zona tarifaria donde reside el ni\u00f1o o la ni\u00f1a.<br \/>\nNo se le aplica la tarifa metropolitana.<br \/>\n\u2014 T\u00edtulo disponible s\u00f3lo con la <a href=\"https:\/\/t-mobilitat.atm.cat\/web\/t-mobilitat\/soportes-y-titulos\/titulos\" target=\"_blank\" rel=\"noopener\">T-mobilitat<\/a>.[\/vc_column_text][vc_column_text el_class=\u00bbtarifesredcolor\u00bb]<a href=\"https:\/\/t-mobilitat.atm.cat\/web\/t-mobilitat\/t-16\" target=\"_blank\" rel=\"noopener noreferrer\">M\u00e1s informaci\u00f3n aqu\u00ed<\/a>[\/vc_column_text][\/vc_column_inner][\/vc_row_inner][vc_row_inner row_type=\u00bbrow\u00bb type=\u00bbfull_width\u00bb text_align=\u00bbleft\u00bb css_animation=\u00bb\u00bb css=\u00bb.vc_custom_1574755508182{margin-left: 10px !important;padding-right: 20px !important;padding-left: 5px !important;}\u00bb][vc_column_inner css=\u00bb.vc_custom_1573818990758{padding-left: 0px !important;}\u00bb][vc_separator type=\u00bbnormal\u00bb color=\u00bb#cecece\u00bb thickness=\u00bb1&#8243; up=\u00bb15&#8243; down=\u00bb20&#8243;][\/vc_column_inner][\/vc_row_inner][vc_row_inner row_type=\u00bbrow\u00bb type=\u00bbfull_width\u00bb text_align=\u00bbleft\u00bb css_animation=\u00bb\u00bb css=\u00bb.vc_custom_1574074653684{margin-top: 40px !important;padding-right: 20px !important;padding-bottom: 20px !important;padding-left: 28px !important;}\u00bb][vc_column_inner width=\u00bb1\/3&#8243; css=\u00bb.vc_custom_1573818990758{padding-left: 0px !important;}\u00bb][vc_single_image image=\u00bb1249&#8243; img_size=\u00bbfull\u00bb onclick=\u00bbcustom_link\u00bb img_link_target=\u00bb_blank\u00bb qode_css_animation=\u00bb\u00bb el_class=\u00bbtarifespageimg1&#8243; link=\u00bbhttps:\/\/www.atm.cat\/es\/tarifaciosocial#bloc-5&#8243;][\/vc_column_inner][vc_column_inner width=\u00bb2\/3&#8243;][vc_column_text el_class=\u00bbtarifespagetit1&#8243;]T-verda[\/vc_column_text][vc_column_text el_class=\u00bbtarifestxt1&#8243;]T\u00edtulo de transporte p\u00fablico gratuito durante un periodo de tres a\u00f1os, destinado a las personas empadronadas en el \u00e1mbito del ATM que acrediten el desguace reciente de un veh\u00edculo contaminante y que se comprometan a no adquirir ning\u00fan otro durante el periodo de vigencia de la tarjeta.[\/vc_column_text][vc_column_text el_class=\u00bbtarifesredcolor\u00bb]<a href=\"https:\/\/t-verda.cat\/\" target=\"_blank\" rel=\"noopener noreferrer\">M\u00e1s informaci\u00f3n: t-verda.cat<\/a>[\/vc_column_text][\/vc_column_inner][\/vc_row_inner][\/vc_column][\/vc_row][vc_row css_animation=\u00bb\u00bb row_type=\u00bbrow\u00bb use_row_as_full_screen_section=\u00bbno\u00bb type=\u00bbgrid\u00bb angled_section=\u00bbno\u00bb text_align=\u00bbleft\u00bb background_image_as_pattern=\u00bbwithout_pattern\u00bb el_class=\u00bbtarifespage reglapagewhite1&#8243; z_index=\u00bb\u00bb css=\u00bb.vc_custom_1577958739809{padding-bottom: 40px !important;}\u00bb][vc_column width=\u00bb1\/2&#8243; css=\u00bb.vc_custom_1577957850063{padding-top: 0px !important;padding-right: 30px !important;padding-bottom: 30px !important;padding-left: 30px !important;}\u00bb][vc_row_inner row_type=\u00bbrow\u00bb type=\u00bbfull_width\u00bb text_align=\u00bbleft\u00bb css_animation=\u00bb\u00bb css=\u00bb.vc_custom_1577957736395{margin-top: 40px !important;padding-right: 20px !important;padding-left: 28px !important;}\u00bb][vc_column_inner css=\u00bb.vc_custom_1573818990758{padding-left: 0px !important;}\u00bb][vc_column_text css=\u00bb\u00bb el_class=\u00bbboxredbg1&#8243;]<strong>CADUCIDAD<br \/>\n<\/strong><\/p>\n<p>Los t\u00edtulos de 2024, comprados antes del 15 de enero, caducar\u00e1n el 28 de febrero, excepto los abonos de 90 d\u00edas como la T-jove y la T-70\/90 de FM\/FN, que alargar\u00e1n su caducidad hasta el pr\u00f3ximo 30 de abril para garantizar un uso completo de \u00e9stos por parte de las personas usuarias.<\/p>\n<p>[\/vc_column_text][\/vc_column_inner][\/vc_row_inner][vc_single_image image=\u00bb27809&#8243; img_size=\u00bbfull\u00bb alignment=\u00bbright\u00bb qode_css_animation=\u00bb\u00bb el_class=\u00bbbonologo1 bonologo1atm\u00bb][\/vc_column][vc_column width=\u00bb1\/2&#8243; css=\u00bb.vc_custom_1577958389166{padding-top: 0px !important;padding-right: 30px !important;padding-bottom: 30px !important;padding-left: 30px !important;}\u00bb][vc_row_inner row_type=\u00bbrow\u00bb type=\u00bbfull_width\u00bb text_align=\u00bbleft\u00bb css_animation=\u00bb\u00bb css=\u00bb.vc_custom_1577958781357{margin-top: 40px !important;padding-right: 20px !important;padding-left: 28px !important;}\u00bb][vc_column_inner css=\u00bb.vc_custom_1573818990758{padding-left: 0px !important;}\u00bb][vc_column_text css=\u00bb\u00bb el_class=\u00bbboxredbg1&#8243;]<strong>DESCAMBIOS<br \/>\n<\/strong><\/p>\n<p>Este a\u00f1o, de acuerdo con los operadores, el consejo de administraci\u00f3n de la ATM, ha decidido que se podr\u00e1n efectuar descambios de t\u00edtulos de 2024 no estrenados, y comprados antes del 15 de enero, por t\u00edtulos de 2025, abonando la diferencia de precio. La operativa podr\u00e1 efectuarse entre el 15 de enero y el 30 de abril de 2025.<\/p>\n<p>Se descambian los t\u00edtulos que no sean operativos como consecuencia de un mal funcionamiento de las m\u00e1quinas de validaci\u00f3n.<br \/>\nEn cambio, no dan derecho a un descambio ni a una compensaci\u00f3n:<br \/>\n\u2013 Las tarjetas deterioradas por la persona usuaria.<br \/>\n_ Las tarjetas caducadas y utilizadas de manera parcial.<br \/>\n\u2013 Las tarjetas caducadas y utilizadas de manera parcial.<br \/>\n\u2013 Las tarjetas vigentes y utilizadas de manera parcial.<br \/>\n\u2013 La p\u00e9rdida o substracci\u00f3n de una tarjeta (incluyendo las personalizadas).[\/vc_column_text][vc_empty_space height=\u00bb10px\u00bb][\/vc_column_inner][\/vc_row_inner][\/vc_column][\/vc_row][vc_row css_animation=\u00bb\u00bb row_type=\u00bbrow\u00bb use_row_as_full_screen_section=\u00bbno\u00bb type=\u00bbfull_width\u00bb angled_section=\u00bbno\u00bb text_align=\u00bbleft\u00bb background_image_as_pattern=\u00bbwithout_pattern\u00bb][vc_column][vc_empty_space height=\u00bb50px\u00bb][\/vc_column][\/vc_row]<\/p>\n<div class=\"social-share-buttons\"><a href=\"https:\/\/www.facebook.com\/sharer\/sharer.php?u=https:\/\/tmesa.com\/es\/p\/titulos-de-transporte-integrados-reducidos\/\" target=\"_blank\" rel=\"noopener\"><i class=\"fa-brands fa-facebook-f\"><\/i><\/a><a href=\"https:\/\/twitter.com\/intent\/tweet?url=https:\/\/tmesa.com\/es\/p\/titulos-de-transporte-integrados-reducidos\/&text=T%C3%ADtulos+de+transporte+integrados+reducidos\" target=\"_blank\" rel=\"noopener\"><i class=\"fa-brands fa-twitter\"><\/i><\/a><a href=\"https:\/\/www.linkedin.com\/shareArticle?url=https:\/\/tmesa.com\/es\/p\/titulos-de-transporte-integrados-reducidos\/&title=T%C3%ADtulos+de+transporte+integrados+reducidos\" target=\"_blank\" rel=\"noopener\"><i class=\"fa-brands fa-linkedin-in\"><\/i><\/a><\/div><\/div>","protected":false},"excerpt":{"rendered":"<p>[vc_row css_animation=\u00bb\u00bb row_type=\u00bbrow\u00bb use_row_as_full_screen_section=\u00bbno\u00bb type=\u00bbgrid\u00bb angled_section=\u00bbno\u00bb text_align=\u00bbleft\u00bb background_image_as_pattern=\u00bbwithout_pattern\u00bb z_index=\u00bb\u00bb el_id=\u00bbbreadcrumbs\u00bb][vc_column][vc_widget_sidebar sidebar_id=\u00bbBreadcrumbs\u00bb el_class=\u00bbmybreadcrumbs\u00bb][\/vc_column][\/vc_row][vc_row css_animation=\u00bb\u00bb row_type=\u00bbrow\u00bb use_row_as_full_screen_section=\u00bbno\u00bb type=\u00bbgrid\u00bb angled_section=\u00bbno\u00bb text_align=\u00bbleft\u00bb background_image_as_pattern=\u00bbwithout_pattern\u00bb z_index=\u00bb\u00bb el_id=\u00bbpagetitle\u00bb][vc_column width=\u00bb2\/3&#8243;][vc_column_text el_class=\u00bbpagetit1&#8243;] T\u00edtulos de transporte integrados [\/vc_column_text][vc_separator type=\u00bbnormal\u00bb el_class=\u00bbpagelineleft1&#8243; color=\u00bb#5f2167&#8243; thickness=\u00bb4&#8243; up=\u00bb25&#8243; down=\u00bb25&#8243;][\/vc_column][vc_column width=\u00bb1\/3&#8243;][vc_single_image image=\u00bb11516&#8243; img_size=\u00bbfull\u00bb alignment=\u00bbright\u00bb onclick=\u00bbcustom_link\u00bb img_link_target=\u00bb_blank\u00bb qode_css_animation=\u00bb\u00bb link=\u00bbhttps:\/\/www.atm.cat\/es\/sistema-tarifari-integrat\/sistema-de-transport\/mapa-de-la-zonificacio\u00bb el_class=\u00bbatmbut1&#8243;][\/vc_column][\/vc_row][vc_row css_animation=\u00bb\u00bb row_type=\u00bbrow\u00bb&#8230;<\/p>\n","protected":false},"author":1,"featured_media":8206,"parent":9681,"menu_order":0,"comment_status":"closed","ping_status":"closed","template":"full_width.php","meta":{"_acf_changed":false,"footnotes":"","_wp_rev_ctl_limit":"5"},"class_list":["post-26857","page","type-page","status-publish","has-post-thumbnail","hentry"],"acf":[],"yoast_head":"<!-- This site is optimized with the Yoast SEO plugin v23.8 - https:\/\/yoast.com\/wordpress\/plugins\/seo\/ -->\n<title>Tarifas t\u00edtulos transporte integrado ATM &#8211; TMESA<\/title>\n<meta name=\"description\" content=\"Tarifas transporte integrados Terrassa. Precios t\u00edtulos ATM: T-casual, T-usual, T-jove, T-grup, T-familiar, T-dia, T-16, T-verda, T-FM\/FN...\" \/>\n<meta name=\"robots\" content=\"index, follow, max-snippet:-1, max-image-preview:large, max-video-preview:-1\" \/>\n<link rel=\"canonical\" href=\"https:\/\/tmesa.com\/es\/p\/titulos-de-transporte-integrados-reducidos\/\" \/>\n<meta property=\"og:locale\" content=\"es_ES\" \/>\n<meta property=\"og:type\" content=\"article\" \/>\n<meta property=\"og:title\" content=\"Tarifas t\u00edtulos transporte integrado ATM &#8211; TMESA\" \/>\n<meta property=\"og:description\" content=\"Tarifas transporte integrados Terrassa. Precios t\u00edtulos ATM: T-casual, T-usual, T-jove, T-grup, T-familiar, T-dia, T-16, T-verda, T-FM\/FN...\" \/>\n<meta property=\"og:url\" content=\"https:\/\/tmesa.com\/es\/p\/titulos-de-transporte-integrados-reducidos\/\" \/>\n<meta property=\"og:site_name\" content=\"Transports Municipals d\u2019Egara\" \/>\n<meta property=\"article:modified_time\" content=\"2025-01-10T11:12:55+00:00\" \/>\n<meta property=\"og:image\" content=\"https:\/\/tmesa.com\/wp-content\/uploads\/2020\/01\/targeta-t-casual-atm-terrassa.png\" \/>\n\t<meta property=\"og:image:width\" content=\"328\" \/>\n\t<meta property=\"og:image:height\" content=\"350\" \/>\n\t<meta property=\"og:image:type\" content=\"image\/png\" \/>\n<meta name=\"twitter:card\" content=\"summary_large_image\" \/>\n<meta name=\"twitter:label1\" content=\"Tiempo de lectura\" \/>\n\t<meta name=\"twitter:data1\" content=\"9 minutos\" \/>\n<script type=\"application\/ld+json\" class=\"yoast-schema-graph\">{\"@context\":\"https:\/\/schema.org\",\"@graph\":[{\"@type\":\"WebPage\",\"@id\":\"https:\/\/tmesa.com\/es\/p\/titulos-de-transporte-integrados-reducidos\/\",\"url\":\"https:\/\/tmesa.com\/es\/p\/titulos-de-transporte-integrados-reducidos\/\",\"name\":\"Tarifas t\u00edtulos transporte integrado ATM &#8211; TMESA\",\"isPartOf\":{\"@id\":\"https:\/\/tmesa.com\/es\/#website\"},\"primaryImageOfPage\":{\"@id\":\"https:\/\/tmesa.com\/es\/p\/titulos-de-transporte-integrados-reducidos\/#primaryimage\"},\"image\":{\"@id\":\"https:\/\/tmesa.com\/es\/p\/titulos-de-transporte-integrados-reducidos\/#primaryimage\"},\"thumbnailUrl\":\"https:\/\/tmesa.com\/wp-content\/uploads\/2020\/01\/targeta-t-casual-atm-terrassa.png\",\"datePublished\":\"2022-08-24T09:26:12+00:00\",\"dateModified\":\"2025-01-10T11:12:55+00:00\",\"description\":\"Tarifas transporte integrados Terrassa. Precios t\u00edtulos ATM: T-casual, T-usual, T-jove, T-grup, T-familiar, T-dia, T-16, T-verda, T-FM\/FN...\",\"breadcrumb\":{\"@id\":\"https:\/\/tmesa.com\/es\/p\/titulos-de-transporte-integrados-reducidos\/#breadcrumb\"},\"inLanguage\":\"es\",\"potentialAction\":[{\"@type\":\"ReadAction\",\"target\":[\"https:\/\/tmesa.com\/es\/p\/titulos-de-transporte-integrados-reducidos\/\"]}]},{\"@type\":\"ImageObject\",\"inLanguage\":\"es\",\"@id\":\"https:\/\/tmesa.com\/es\/p\/titulos-de-transporte-integrados-reducidos\/#primaryimage\",\"url\":\"https:\/\/tmesa.com\/wp-content\/uploads\/2020\/01\/targeta-t-casual-atm-terrassa.png\",\"contentUrl\":\"https:\/\/tmesa.com\/wp-content\/uploads\/2020\/01\/targeta-t-casual-atm-terrassa.png\",\"width\":328,\"height\":350,\"caption\":\"T\u00edtol integrat ATM T-casual Terrassa\"},{\"@type\":\"BreadcrumbList\",\"@id\":\"https:\/\/tmesa.com\/es\/p\/titulos-de-transporte-integrados-reducidos\/#breadcrumb\",\"itemListElement\":[{\"@type\":\"ListItem\",\"position\":1,\"name\":\"Inici\",\"item\":\"https:\/\/tmesa.com\/es\/\"},{\"@type\":\"ListItem\",\"position\":2,\"name\":\"Tarifas\",\"item\":\"https:\/\/tmesa.com\/es\/p\/\"},{\"@type\":\"ListItem\",\"position\":3,\"name\":\"T\u00edtulos de transporte integrados reducidos\"}]},{\"@type\":\"WebSite\",\"@id\":\"https:\/\/tmesa.com\/es\/#website\",\"url\":\"https:\/\/tmesa.com\/es\/\",\"name\":\"Transports Municipals d\u2019Egara\",\"description\":\"\",\"potentialAction\":[{\"@type\":\"SearchAction\",\"target\":{\"@type\":\"EntryPoint\",\"urlTemplate\":\"https:\/\/tmesa.com\/es\/?s={search_term_string}\"},\"query-input\":{\"@type\":\"PropertyValueSpecification\",\"valueRequired\":true,\"valueName\":\"search_term_string\"}}],\"inLanguage\":\"es\"}]}<\/script>\n<!-- \/ Yoast SEO plugin. -->","yoast_head_json":{"title":"Tarifas t\u00edtulos transporte integrado ATM &#8211; TMESA","description":"Tarifas transporte integrados Terrassa. Precios t\u00edtulos ATM: T-casual, T-usual, T-jove, T-grup, T-familiar, T-dia, T-16, T-verda, T-FM\/FN...","robots":{"index":"index","follow":"follow","max-snippet":"max-snippet:-1","max-image-preview":"max-image-preview:large","max-video-preview":"max-video-preview:-1"},"canonical":"https:\/\/tmesa.com\/es\/p\/titulos-de-transporte-integrados-reducidos\/","og_locale":"es_ES","og_type":"article","og_title":"Tarifas t\u00edtulos transporte integrado ATM &#8211; TMESA","og_description":"Tarifas transporte integrados Terrassa. Precios t\u00edtulos ATM: T-casual, T-usual, T-jove, T-grup, T-familiar, T-dia, T-16, T-verda, T-FM\/FN...","og_url":"https:\/\/tmesa.com\/es\/p\/titulos-de-transporte-integrados-reducidos\/","og_site_name":"Transports Municipals d\u2019Egara","article_modified_time":"2025-01-10T11:12:55+00:00","og_image":[{"width":328,"height":350,"url":"https:\/\/tmesa.com\/wp-content\/uploads\/2020\/01\/targeta-t-casual-atm-terrassa.png","type":"image\/png"}],"twitter_card":"summary_large_image","twitter_misc":{"Tiempo de lectura":"9 minutos"},"schema":{"@context":"https:\/\/schema.org","@graph":[{"@type":"WebPage","@id":"https:\/\/tmesa.com\/es\/p\/titulos-de-transporte-integrados-reducidos\/","url":"https:\/\/tmesa.com\/es\/p\/titulos-de-transporte-integrados-reducidos\/","name":"Tarifas t\u00edtulos transporte integrado ATM &#8211; TMESA","isPartOf":{"@id":"https:\/\/tmesa.com\/es\/#website"},"primaryImageOfPage":{"@id":"https:\/\/tmesa.com\/es\/p\/titulos-de-transporte-integrados-reducidos\/#primaryimage"},"image":{"@id":"https:\/\/tmesa.com\/es\/p\/titulos-de-transporte-integrados-reducidos\/#primaryimage"},"thumbnailUrl":"https:\/\/tmesa.com\/wp-content\/uploads\/2020\/01\/targeta-t-casual-atm-terrassa.png","datePublished":"2022-08-24T09:26:12+00:00","dateModified":"2025-01-10T11:12:55+00:00","description":"Tarifas transporte integrados Terrassa. Precios t\u00edtulos ATM: T-casual, T-usual, T-jove, T-grup, T-familiar, T-dia, T-16, T-verda, T-FM\/FN...","breadcrumb":{"@id":"https:\/\/tmesa.com\/es\/p\/titulos-de-transporte-integrados-reducidos\/#breadcrumb"},"inLanguage":"es","potentialAction":[{"@type":"ReadAction","target":["https:\/\/tmesa.com\/es\/p\/titulos-de-transporte-integrados-reducidos\/"]}]},{"@type":"ImageObject","inLanguage":"es","@id":"https:\/\/tmesa.com\/es\/p\/titulos-de-transporte-integrados-reducidos\/#primaryimage","url":"https:\/\/tmesa.com\/wp-content\/uploads\/2020\/01\/targeta-t-casual-atm-terrassa.png","contentUrl":"https:\/\/tmesa.com\/wp-content\/uploads\/2020\/01\/targeta-t-casual-atm-terrassa.png","width":328,"height":350,"caption":"T\u00edtol integrat ATM T-casual Terrassa"},{"@type":"BreadcrumbList","@id":"https:\/\/tmesa.com\/es\/p\/titulos-de-transporte-integrados-reducidos\/#breadcrumb","itemListElement":[{"@type":"ListItem","position":1,"name":"Inici","item":"https:\/\/tmesa.com\/es\/"},{"@type":"ListItem","position":2,"name":"Tarifas","item":"https:\/\/tmesa.com\/es\/p\/"},{"@type":"ListItem","position":3,"name":"T\u00edtulos de transporte integrados reducidos"}]},{"@type":"WebSite","@id":"https:\/\/tmesa.com\/es\/#website","url":"https:\/\/tmesa.com\/es\/","name":"Transports Municipals d\u2019Egara","description":"","potentialAction":[{"@type":"SearchAction","target":{"@type":"EntryPoint","urlTemplate":"https:\/\/tmesa.com\/es\/?s={search_term_string}"},"query-input":{"@type":"PropertyValueSpecification","valueRequired":true,"valueName":"search_term_string"}}],"inLanguage":"es"}]}},"publishpress_future_workflow_manual_trigger":{"enabledWorkflows":[]},"_links":{"self":[{"href":"https:\/\/tmesa.com\/es\/wp-json\/wp\/v2\/pages\/26857"}],"collection":[{"href":"https:\/\/tmesa.com\/es\/wp-json\/wp\/v2\/pages"}],"about":[{"href":"https:\/\/tmesa.com\/es\/wp-json\/wp\/v2\/types\/page"}],"author":[{"embeddable":true,"href":"https:\/\/tmesa.com\/es\/wp-json\/wp\/v2\/users\/1"}],"replies":[{"embeddable":true,"href":"https:\/\/tmesa.com\/es\/wp-json\/wp\/v2\/comments?post=26857"}],"version-history":[{"count":5,"href":"https:\/\/tmesa.com\/es\/wp-json\/wp\/v2\/pages\/26857\/revisions"}],"predecessor-version":[{"id":31970,"href":"https:\/\/tmesa.com\/es\/wp-json\/wp\/v2\/pages\/26857\/revisions\/31970"}],"up":[{"embeddable":true,"href":"https:\/\/tmesa.com\/es\/wp-json\/wp\/v2\/pages\/9681"}],"wp:featuredmedia":[{"embeddable":true,"href":"https:\/\/tmesa.com\/es\/wp-json\/wp\/v2\/media\/8206"}],"wp:attachment":[{"href":"https:\/\/tmesa.com\/es\/wp-json\/wp\/v2\/media?parent=26857"}],"curies":[{"name":"wp","href":"https:\/\/api.w.org\/{rel}","templated":true}]}}